{"id":2069,"date":"2021-07-13T10:19:24","date_gmt":"2021-07-13T08:19:24","guid":{"rendered":"https:\/\/www.campingaiguillecreuse.com\/mietunterkuenfte\/stellplaetze\/"},"modified":"2026-04-15T16:04:31","modified_gmt":"2026-04-15T14:04:31","slug":"stellplaetze","status":"publish","type":"page","link":"https:\/\/www.campingaiguillecreuse.com\/de\/mietunterkuenfte\/stellplaetze\/","title":{"rendered":"Stellpl\u00e4tze"},"content":{"rendered":"\n<div class=\"wp-block-cover has-background-dim-20 has-primaire-background-color has-background-dim has-parallax section_header\" style=\"background-image:url(https:\/\/www.campingaiguillecreuse.com\/wp-content\/uploads\/2021\/07\/emplacements_6.webp)\"><div class=\"wp-block-cover__inner-container\">\n<h1 class=\"has-text-align-center titre_1 has-huge-font-size\"> Unsere Zeltpl\u00e4tze in der Normandie<\/h1>\n<\/div><\/div>\n\n\n\n<section class=\"wp-block-group section_accroche\">\n<p class=\"has-text-align-center\" style=\"font-size:18px\">Sind Sie auf der Suche nach einem entspannten und erholsamen <strong>Urlaub in der Normandie<\/strong>? Dann ist unser <strong>4-Sterne-Campingplatz L&#8217;Aiguille Creuse<\/strong> genau das Richtige f\u00fcr Sie. Auf einem unserer <strong>Zeltpl\u00e4tze in der Normandie<\/strong> k\u00f6nnen Sie Ihr Zelt, Ihren Wohnwagen oder Ihr Wohnmobil f\u00fcr Ihren n\u00e4chsten Urlaub aufstellen. Sie haben die Wahl zwischen vier verschiedenen Stellplatzkategorien.<\/p>\n\n\n\n<ul class=\"liste_points_forts\" style=\"font-size:18px\"><li><i class=\"fas fa-bolt\"><\/i> Stellpl\u00e4tze mit Stromanschluss<\/li><li><i class=\"fas fa-trees\"><\/i> Natur &amp; Erholung<\/li><li><i class=\"fas fa-campground\"><\/i> 134 Stellpl\u00e4tze<\/li><\/ul>\n\n\n\n<p><\/p>\n<\/section>\n\n\n\n<section class=\"wp-block-group section_bloc_images\">\n<div class=\"wp-block-columns are-vertically-aligned-center\">\n<div class=\"wp-block-column is-vertically-aligned-center col_img\" style=\"flex-basis:50%\">\n<figure class=\"wp-block-image size-large\"><img loading=\"lazy\" width=\"1024\" height=\"768\" src=\"https:\/\/www.campingaiguillecreuse.com\/wp-content\/uploads\/2022\/11\/IMG_20220730_152602-1024x768.jpg\" alt=\"\" class=\"wp-image-3101\" srcset=\"https:\/\/www.campingaiguillecreuse.com\/wp-content\/uploads\/2022\/11\/IMG_20220730_152602-1024x768.jpg 1024w, https:\/\/www.campingaiguillecreuse.com\/wp-content\/uploads\/2022\/11\/IMG_20220730_152602-300x225.jpg 300w, https:\/\/www.campingaiguillecreuse.com\/wp-content\/uploads\/2022\/11\/IMG_20220730_152602-768x576.jpg 768w, https:\/\/www.campingaiguillecreuse.com\/wp-content\/uploads\/2022\/11\/IMG_20220730_152602-1536x1152.jpg 1536w, https:\/\/www.campingaiguillecreuse.com\/wp-content\/uploads\/2022\/11\/IMG_20220730_152602-2048x1536.jpg 2048w\" sizes=\"(max-width: 1024px) 100vw, 1024px\" \/><\/figure>\n<\/div>\n\n\n\n<div class=\"wp-block-column is-vertically-aligned-center\" style=\"flex-basis:50%\">\n<h2 class=\"titre_1\">Unsere Stellpl\u00e4tze f\u00fcr Zelte<\/h2>\n\n\n\n<p style=\"font-size:18px\">Unsere Zeltpl\u00e4tze (ohne Strom) sind etwa 100 m\u00b2 gro\u00df und mit Hecken eingez\u00e4unt auf unserem Campingplatz im D\u00e9partement Seine Maritime. Ein solcher Stellplatz bietet Platz f\u00fcr bis zu 6 Personen (einschlie\u00dflich Babys und Kinder) und ein Fahrzeug. Verbringen Sie einen wunderbaren Urlaub an der frischen Luft in der Normandie!<\/p>\n\n\n\n<div class=\"wp-block-buttons is-content-justification-right\">\n<div class=\"wp-block-button has-custom-font-size btn_resa\" style=\"font-size:19px\"><a class=\"wp-block-button__link has-primaire-background-color has-background\">Finde deinen Stellplatz  <i class=\"fas fa-search\"><\/i><\/a><\/div>\n<\/div>\n<\/div>\n<\/div>\n<\/section>\n\n\n\n<section class=\"wp-block-group section_services\">\n<div class=\"wp-block-cover has-background-dim-90 has-primaire-background-color has-background-dim\"><img class=\"wp-block-cover__image-background wp-image-495\" alt=\"\" src=\"https:\/\/www.campingaiguillecreuse.com\/wp-content\/uploads\/2021\/07\/photo-635817307913054614-1.webp\" data-object-fit=\"cover\"\/><div class=\"wp-block-cover__inner-container\">\n<div class=\"wp-block-columns are-vertically-aligned-center\">\n<div class=\"wp-block-column is-vertically-aligned-center\" style=\"flex-basis:40%\">\n<h2>Unsere Zeltpl\u00e4tze der Standardkategorie<\/h2>\n\n\n\n<p style=\"font-size:18px\">Auf unserem <strong>Campingplatz in der N\u00e4he von \u00c9tretat<\/strong> erwartet Sie ein trendiger Aufenthalt auf unseren <strong>Stellpl\u00e4tzen der Standardkategorie<\/strong> (mit Strom) inmitten der Natur. Sie finden dort ein ca. 100 m\u00b2 gro\u00dfes, mit Hecken eingez\u00e4untes Grundst\u00fcck vor, das Platz f\u00fcr bis zu 6 Personen (einschlie\u00dflich Baby und Kinder) und ein Fahrzeug bietet. Der Stromanschluss von 10 Ampere entspricht den europ\u00e4ischen Normen. Denken Sie daran, einen Adapter und ein Verl\u00e4ngerungskabel mitzubringen.<\/p>\n\n\n\n<div class=\"wp-block-buttons is-content-justification-right\">\n<div class=\"wp-block-button has-custom-font-size btn_resa\" style=\"font-size:19px\"><a class=\"wp-block-button__link has-primaire-color has-blanc-background-color has-text-color has-background\">Finde deinen Stellplatz  <i class=\"fas fa-search\"><\/i><\/a><\/div>\n<\/div>\n<\/div>\n\n\n\n<div class=\"wp-block-column is-vertically-aligned-center col_img-2\" style=\"flex-basis:60%\">\n<figure class=\"wp-block-gallery columns-2 is-cropped\"><ul class=\"blocks-gallery-grid\"><li class=\"blocks-gallery-item\"><figure><img loading=\"lazy\" width=\"1024\" height=\"768\" src=\"https:\/\/www.campingaiguillecreuse.com\/wp-content\/uploads\/2022\/11\/Empl_Elec_Caravane-Jaune-1024x768.jpg\" alt=\"\" data-id=\"3143\" data-full-url=\"https:\/\/www.campingaiguillecreuse.com\/wp-content\/uploads\/2022\/11\/Empl_Elec_Caravane-Jaune-scaled.jpg\" data-link=\"https:\/\/www.campingaiguillecreuse.com\/de\/mietunterkuenfte\/stellplaetze\/empl_elec_caravane-jaune-2-2\/\" class=\"wp-image-3143\" srcset=\"https:\/\/www.campingaiguillecreuse.com\/wp-content\/uploads\/2022\/11\/Empl_Elec_Caravane-Jaune-1024x768.jpg 1024w, https:\/\/www.campingaiguillecreuse.com\/wp-content\/uploads\/2022\/11\/Empl_Elec_Caravane-Jaune-300x225.jpg 300w, https:\/\/www.campingaiguillecreuse.com\/wp-content\/uploads\/2022\/11\/Empl_Elec_Caravane-Jaune-768x576.jpg 768w, https:\/\/www.campingaiguillecreuse.com\/wp-content\/uploads\/2022\/11\/Empl_Elec_Caravane-Jaune-1536x1152.jpg 1536w, https:\/\/www.campingaiguillecreuse.com\/wp-content\/uploads\/2022\/11\/Empl_Elec_Caravane-Jaune-2048x1536.jpg 2048w\" sizes=\"(max-width: 1024px) 100vw, 1024px\" \/><\/figure><\/li><li class=\"blocks-gallery-item\"><figure><img loading=\"lazy\" width=\"1024\" height=\"768\" src=\"https:\/\/www.campingaiguillecreuse.com\/wp-content\/uploads\/2022\/11\/Empl-93-1024x768.jpg\" alt=\"\" data-id=\"3113\" data-full-url=\"https:\/\/www.campingaiguillecreuse.com\/wp-content\/uploads\/2022\/11\/Empl-93-scaled.jpg\" data-link=\"https:\/\/www.campingaiguillecreuse.com\/de\/mietunterkuenfte\/stellplaetze\/empl-93-2\/\" class=\"wp-image-3113\" srcset=\"https:\/\/www.campingaiguillecreuse.com\/wp-content\/uploads\/2022\/11\/Empl-93-1024x768.jpg 1024w, https:\/\/www.campingaiguillecreuse.com\/wp-content\/uploads\/2022\/11\/Empl-93-300x225.jpg 300w, https:\/\/www.campingaiguillecreuse.com\/wp-content\/uploads\/2022\/11\/Empl-93-768x576.jpg 768w, https:\/\/www.campingaiguillecreuse.com\/wp-content\/uploads\/2022\/11\/Empl-93-1536x1152.jpg 1536w, https:\/\/www.campingaiguillecreuse.com\/wp-content\/uploads\/2022\/11\/Empl-93-2048x1536.jpg 2048w\" sizes=\"(max-width: 1024px) 100vw, 1024px\" \/><\/figure><\/li><\/ul><\/figure>\n\n\n\n<div class=\"wp-block-buttons is-content-justification-right btn_galerie\">\n<div class=\"wp-block-button has-custom-font-size\" style=\"font-size:19px\"><a class=\"wp-block-button__link has-blanc-color has-text-color\" href=\"https:\/\/www.campingaiguillecreuse.com\/de\/fotogalerie\/\"><i class=\"fas fa-images\"><\/i> Bildgalerie<\/a><\/div>\n<\/div>\n<\/div>\n<\/div>\n<\/div><\/div>\n<\/section>\n\n\n\n<section class=\"wp-block-group section_locations\">\n<div class=\"wp-block-cover has-background-dim\" style=\"background-color:#faf7f2\"><img loading=\"lazy\" width=\"1920\" height=\"1417\" class=\"wp-block-cover__image-background wp-image-1003\" alt=\"\" src=\"https:\/\/www.campingaiguillecreuse.com\/wp-content\/uploads\/2021\/10\/fond-galets.jpg\" data-object-fit=\"cover\" srcset=\"https:\/\/www.campingaiguillecreuse.com\/wp-content\/uploads\/2021\/10\/fond-galets.jpg 1920w, https:\/\/www.campingaiguillecreuse.com\/wp-content\/uploads\/2021\/10\/fond-galets-300x221.jpg 300w, https:\/\/www.campingaiguillecreuse.com\/wp-content\/uploads\/2021\/10\/fond-galets-1024x756.jpg 1024w, https:\/\/www.campingaiguillecreuse.com\/wp-content\/uploads\/2021\/10\/fond-galets-768x567.jpg 768w, https:\/\/www.campingaiguillecreuse.com\/wp-content\/uploads\/2021\/10\/fond-galets-1536x1134.jpg 1536w\" sizes=\"(max-width: 1920px) 100vw, 1920px\" \/><div class=\"wp-block-cover__inner-container\">\n<div class=\"wp-block-columns are-vertically-aligned-center\">\n<div class=\"wp-block-column is-vertically-aligned-center col_img-3\" style=\"flex-basis:70%\">\n<figure class=\"wp-block-gallery columns-2 is-cropped btn_resa\"><ul class=\"blocks-gallery-grid\"><li class=\"blocks-gallery-item\"><figure><img loading=\"lazy\" width=\"1024\" height=\"768\" src=\"https:\/\/www.campingaiguillecreuse.com\/wp-content\/uploads\/2022\/11\/Empl-GC_126-1024x768.jpg\" alt=\"\" data-id=\"3117\" data-full-url=\"https:\/\/www.campingaiguillecreuse.com\/wp-content\/uploads\/2022\/11\/Empl-GC_126-scaled.jpg\" data-link=\"https:\/\/www.campingaiguillecreuse.com\/de\/mietunterkuenfte\/stellplaetze\/empl-gc_126-2-2\/\" class=\"wp-image-3117\" srcset=\"https:\/\/www.campingaiguillecreuse.com\/wp-content\/uploads\/2022\/11\/Empl-GC_126-1024x768.jpg 1024w, https:\/\/www.campingaiguillecreuse.com\/wp-content\/uploads\/2022\/11\/Empl-GC_126-300x225.jpg 300w, https:\/\/www.campingaiguillecreuse.com\/wp-content\/uploads\/2022\/11\/Empl-GC_126-768x576.jpg 768w, https:\/\/www.campingaiguillecreuse.com\/wp-content\/uploads\/2022\/11\/Empl-GC_126-1536x1152.jpg 1536w, https:\/\/www.campingaiguillecreuse.com\/wp-content\/uploads\/2022\/11\/Empl-GC_126-2048x1536.jpg 2048w\" sizes=\"(max-width: 1024px) 100vw, 1024px\" \/><\/figure><\/li><li class=\"blocks-gallery-item\"><figure><img loading=\"lazy\" width=\"1024\" height=\"768\" src=\"https:\/\/www.campingaiguillecreuse.com\/wp-content\/uploads\/2022\/11\/Tente-sur-le-toit-1024x768.jpg\" alt=\"\" data-id=\"3121\" data-full-url=\"https:\/\/www.campingaiguillecreuse.com\/wp-content\/uploads\/2022\/11\/Tente-sur-le-toit-scaled.jpg\" data-link=\"https:\/\/www.campingaiguillecreuse.com\/de\/mietunterkuenfte\/stellplaetze\/tente-sur-le-toit-2-2\/\" class=\"wp-image-3121\" srcset=\"https:\/\/www.campingaiguillecreuse.com\/wp-content\/uploads\/2022\/11\/Tente-sur-le-toit-1024x768.jpg 1024w, https:\/\/www.campingaiguillecreuse.com\/wp-content\/uploads\/2022\/11\/Tente-sur-le-toit-300x225.jpg 300w, https:\/\/www.campingaiguillecreuse.com\/wp-content\/uploads\/2022\/11\/Tente-sur-le-toit-768x576.jpg 768w, https:\/\/www.campingaiguillecreuse.com\/wp-content\/uploads\/2022\/11\/Tente-sur-le-toit-1536x1152.jpg 1536w, https:\/\/www.campingaiguillecreuse.com\/wp-content\/uploads\/2022\/11\/Tente-sur-le-toit-2048x1536.jpg 2048w\" sizes=\"(max-width: 1024px) 100vw, 1024px\" \/><\/figure><\/li><\/ul><\/figure>\n<\/div>\n\n\n\n<div class=\"wp-block-column is-vertically-aligned-center\" style=\"flex-basis:30%\">\n<h2 class=\"titre_1 has-primaire-color has-text-color\">Unsere Stellpl\u00e4tze der Kategorie Komfort<\/h2>\n\n\n\n<p class=\"has-text-color\" style=\"color:#5b5e61;font-size:18px\">Entscheidet euch f\u00fcr noch mehr Platz und noch mehr Komfort mit unseren hochkomfortablen Stellpl\u00e4tzen der Kategorie Komfort! Hier k\u00f6nnt Ihr mit eurem Wohnwagen oder Wohnmobil einen Wasser- und Stromanschluss (10 A) sowie einen Abwasserkanal nutzen. Profitiert auch einer ca. 100 &#8211; 120 m\u00b2 gro\u00dfen Fl\u00e4che, die durch kleine Hecken abgegrenzt ist und Platz f\u00fcr 6 Personen (einschlie\u00dflich Baby und Kinder) und ein Fahrzeug bietet.<\/p>\n\n\n\n<div class=\"wp-block-buttons\">\n<div class=\"wp-block-button has-custom-font-size btn_resa\" style=\"font-size:19px\"><a class=\"wp-block-button__link has-primaire-background-color has-background\">Finden Sie einen Ort <i class=\"fas fa-search\"><\/i><\/a><\/div>\n<\/div>\n<\/div>\n<\/div>\n<\/div><\/div>\n<\/section>\n\n\n\n<section class=\"wp-block-group section_services\">\n<div class=\"wp-block-cover has-background-dim-90 has-primaire-background-color has-background-dim\"><img class=\"wp-block-cover__image-background wp-image-495\" alt=\"\" src=\"https:\/\/www.campingaiguillecreuse.com\/wp-content\/uploads\/2021\/07\/photo-635817307913054614-1.webp\" data-object-fit=\"cover\"\/><div class=\"wp-block-cover__inner-container\">\n<div class=\"wp-block-columns are-vertically-aligned-center emplacement-luxe\">\n<div class=\"wp-block-column is-vertically-aligned-center\" style=\"flex-basis:40%\">\n<h2>Unsere  Zeltpl\u00e4tze der Kategorie Luxe<\/h2>\n\n\n\n<p style=\"font-size:18px\">Unsere Zeltpl\u00e4tze der LuxeKategorie sind ca. 100 &#8211; 120 m\u00b2 gro\u00df und mit Hecken eingez\u00e4unt, sodass Sie sich hier entspannen k\u00f6nnen. Da wir gro\u00dfen Wert auf Ihren Komfort legen, verf\u00fcgt diese Stellplatzkategorie \u00fcber eigene Sanit\u00e4ranlagen (Dusche, WC, Waschbecken, Heizung), einen 16-A-Stromanschluss sowie eine Sp\u00fcle und einen K\u00fchlschrank. Auf diesem Stellplatz k\u00f6nnen bis zu 6 Personen (einschlie\u00dflich Babys und Kinder) in einem Zelt, Wohnwagen oder Wohnmobil sowie ein Fahrzeug untergebracht werden.<\/p>\n\n\n\n<div class=\"wp-block-buttons is-content-justification-right\">\n<div class=\"wp-block-button has-custom-font-size btn_resa\" style=\"font-size:19px\"><a class=\"wp-block-button__link has-primaire-color has-blanc-background-color has-text-color has-background\">Finde deinen Stellplatz  <i class=\"fas fa-search\"><\/i><\/a><\/div>\n<\/div>\n<\/div>\n\n\n\n<div class=\"wp-block-column is-vertically-aligned-center col_img-2\" style=\"flex-basis:60%\">\n<div class=\"wp-block-columns\">\n<div class=\"wp-block-column\">\n<figure class=\"wp-block-image size-large\"><img loading=\"lazy\" width=\"1024\" height=\"768\" src=\"https:\/\/www.campingaiguillecreuse.com\/wp-content\/uploads\/2022\/11\/1648976763729-1024x768.jpg\" alt=\"\" class=\"wp-image-3125\" srcset=\"https:\/\/www.campingaiguillecreuse.com\/wp-content\/uploads\/2022\/11\/1648976763729-1024x768.jpg 1024w, https:\/\/www.campingaiguillecreuse.com\/wp-content\/uploads\/2022\/11\/1648976763729-300x225.jpg 300w, https:\/\/www.campingaiguillecreuse.com\/wp-content\/uploads\/2022\/11\/1648976763729-768x576.jpg 768w, https:\/\/www.campingaiguillecreuse.com\/wp-content\/uploads\/2022\/11\/1648976763729-1536x1152.jpg 1536w, https:\/\/www.campingaiguillecreuse.com\/wp-content\/uploads\/2022\/11\/1648976763729-2048x1536.jpg 2048w\" sizes=\"(max-width: 1024px) 100vw, 1024px\" \/><\/figure>\n<\/div>\n\n\n\n<div class=\"wp-block-column\">\n<figure class=\"wp-block-image size-large\"><img loading=\"lazy\" width=\"768\" height=\"1024\" src=\"https:\/\/www.campingaiguillecreuse.com\/wp-content\/uploads\/2022\/11\/emp-luxe-interieur-3-768x1024.jpg\" alt=\"\" class=\"wp-image-3129\" srcset=\"https:\/\/www.campingaiguillecreuse.com\/wp-content\/uploads\/2022\/11\/emp-luxe-interieur-3-768x1024.jpg 768w, https:\/\/www.campingaiguillecreuse.com\/wp-content\/uploads\/2022\/11\/emp-luxe-interieur-3-225x300.jpg 225w, https:\/\/www.campingaiguillecreuse.com\/wp-content\/uploads\/2022\/11\/emp-luxe-interieur-3-1152x1536.jpg 1152w, https:\/\/www.campingaiguillecreuse.com\/wp-content\/uploads\/2022\/11\/emp-luxe-interieur-3-1536x2048.jpg 1536w, https:\/\/www.campingaiguillecreuse.com\/wp-content\/uploads\/2022\/11\/emp-luxe-interieur-3-scaled.jpg 1920w\" sizes=\"(max-width: 768px) 100vw, 768px\" \/><\/figure>\n<\/div>\n<\/div>\n\n\n\n<div class=\"wp-block-buttons is-content-justification-right btn_galerie\">\n<div class=\"wp-block-button has-custom-font-size\" style=\"font-size:19px\"><a class=\"wp-block-button__link has-blanc-color has-text-color\" href=\"https:\/\/www.campingaiguillecreuse.com\/de\/fotogalerie\/\"><i class=\"fas fa-images\"><\/i> Bildgalerie<\/a><\/div>\n<\/div>\n<\/div>\n<\/div>\n<\/div><\/div>\n<\/section>\n\n\n\n<section class=\"wp-block-group section_alentours\">\n<div class=\"wp-block-columns\">\n<div class=\"wp-block-column\" style=\"flex-basis:60%\">\n<h2 class=\"titre_1\">Praktische Informationen \u00fcber unsere Zeltpl\u00e4tze in der Normandie<\/h2>\n\n\n\n<p style=\"font-size:18px\">Unabh\u00e4ngig davon, welchen Campingstellplatz Ihr euch aussucht, k\u00f6nnt Ihr euren Urlaub ab 14 Uhr oder sp\u00e4ter beginnen (Ankunft bis 19 Uhr). <br>Die Abreise von eurem Stellplatz muss bis 12 Uhr mittags erfolgen (11 Uhr f\u00fcr Kategorie Luxe).<br><br>Unsere Sanit\u00e4ranlagen (in der Nebensaison beheizt) verf\u00fcgen \u00fcber barrierefreie Toiletten sowie eine speziell ausgestattete Dusche f\u00fcr G\u00e4ste mit eingeschr\u00e4nkter Mobilit\u00e4t (Schl\u00fcssel auf Anfrage an der Rezeption erh\u00e4ltlich).<br><br>Urlauber, die mit ihren vierbeinigen Freunden reisen: angeleinte Tiere sind erlaubt (au\u00dfer Kategorie 1 und 2). <br><br>Zweiachsige Wohnwagen sind auf dem Campingplatz nicht gestattet.<\/p>\n<\/div>\n\n\n\n<div class=\"wp-block-column col_img\" style=\"flex-basis:40%\">\n<figure class=\"wp-block-image size-large\"><img loading=\"lazy\" width=\"1024\" height=\"576\" src=\"https:\/\/www.campingaiguillecreuse.com\/wp-content\/uploads\/2022\/11\/Vue-aerienne-1024x576.png\" alt=\"\" class=\"wp-image-3137\" srcset=\"https:\/\/www.campingaiguillecreuse.com\/wp-content\/uploads\/2022\/11\/Vue-aerienne-1024x576.png 1024w, https:\/\/www.campingaiguillecreuse.com\/wp-content\/uploads\/2022\/11\/Vue-aerienne-300x169.png 300w, https:\/\/www.campingaiguillecreuse.com\/wp-content\/uploads\/2022\/11\/Vue-aerienne-768x432.png 768w, https:\/\/www.campingaiguillecreuse.com\/wp-content\/uploads\/2022\/11\/Vue-aerienne-1536x864.png 1536w, https:\/\/www.campingaiguillecreuse.com\/wp-content\/uploads\/2022\/11\/Vue-aerienne.png 1920w\" sizes=\"(max-width: 1024px) 100vw, 1024px\" \/><\/figure>\n\n\n\n<div class=\"wp-block-buttons is-content-justification-right btn_galerie\">\n<div class=\"wp-block-button\"><a class=\"wp-block-button__link has-primaire-color has-text-color\" href=\"https:\/\/www.campingaiguillecreuse.com\/de\/fotogalerie\/\"><i class=\"fas fa-images\"><\/i> Bildgalerie<\/a><\/div>\n<\/div>\n<\/div>\n<\/div>\n<\/section>\n\n\n\n<section class=\"wp-block-group section_bloc_images\">\n<div class=\"wp-block-columns are-vertically-aligned-center\">\n<div class=\"wp-block-column is-vertically-aligned-center col_img\" style=\"flex-basis:50%\">\n<figure class=\"wp-block-image size-large\"><img src=\"https:\/\/www.campingaiguillecreuse.com\/wp-content\/uploads\/2021\/07\/velo_1.webp\" alt=\"Camping L'Aiguille Creuse: Fahrrad 1\" class=\"wp-image-303\"\/><\/figure>\n<\/div>\n\n\n\n<div class=\"wp-block-column is-vertically-aligned-center\" style=\"flex-basis:50%\">\n<p class=\"has-text-align-center has-primaire-color has-blanc-background-color has-text-color has-background\" style=\"font-size:18px\"> <span style=\"font-size: revert; color: initial;\"><i class=\"fas fa-bicycle\"><\/i><\/span><\/p>\n\n\n\n<h2 class=\"has-text-align-center\">Ausstattung f\u00fcr Wanderer &amp; Radfahrer<\/h2>\n\n\n\n<p class=\"has-text-align-center\" style=\"font-size:18px\">Wanderer und Radtouristen, die durch die Gegend fahren, sind bei uns herzlich willkommen: Unser Campingplatz in der Normandie ist ideal gelegen, nur 500 m von der V\u00e9lomaritime und wenige Kilometer vom Fernwanderweg GR21 entfernt. Wir sind \u00fcbrigens mit dem G\u00fctesiegel Accueil V\u00e9lo ausgezeichnet: Wanderer und Radtouristen finden bei uns einen gro\u00dfen Bereich, der speziell f\u00fcr sie reserviert ist. Dort finden sie alles, was sie f\u00fcr eine erholsame Nacht ben\u00f6tigen. Ein 100 m\u00b2 gro\u00dfer Gemeinschaftsbereich verf\u00fcgt unter anderem \u00fcber eine \u00fcberdachte Terrasse mit einem Picknicktisch. F\u00fcr Wanderer und Radtouristen gibt es au\u00dferdem eine Wasserstelle, Stromanschl\u00fcsse, Sanit\u00e4ranlagen und einen \u00fcberdachten und sicheren Fahrradparkplatz.<\/p>\n\n\n\n<p class=\"has-text-align-center\" style=\"font-size:18px\">Dar\u00fcber hinaus erwartet sie ein umfangreiches Serviceangebot:<br>&#8211; Fr\u00fchst\u00fcck am Morgen (auf Bestellung an der Bar abzuholen)<br>&#8211; Snack am Abend<br>&#8211; Lebensmittelgesch\u00e4ft vor Ort<br>&#8211; Waschmaschine und Trockner.<\/p>\n\n\n\n<p class=\"has-text-align-center\" style=\"font-size:18px\">Wir setzen alles daran, um allen tapferen und hartgesottenen Sportlern, die zu Fu\u00df oder mit dem Fahrrad bei uns ankommen, Komfort und Erholung zu bieten. Ab 10 \u20ac pro Nacht und pro Person. Reservierungen sind nur per Telefon oder per E-Mail m\u00f6glich.<\/p>\n\n\n\n<div class=\"wp-block-buttons is-content-justification-center\">\n<div class=\"wp-block-button has-custom-font-size\" style=\"font-size:19px\"><a class=\"wp-block-button__link has-primaire-background-color has-background\" href=\"https:\/\/www.campingaiguillecreuse.com\/de\/serviceangebot\/\">Zum Serviceangebot<\/a><\/div>\n<\/div>\n<\/div>\n<\/div>\n<\/section>\n","protected":false},"excerpt":{"rendered":"<p>Sind Sie auf der Suche nach einem entspannten und erholsamen Urlaub in der Normandie? Dann ist unser 4-Sterne-Campingplatz L&#8217;Aiguille Creuse genau das Richtige f\u00fcr Sie. Auf einem unserer Zeltpl\u00e4tze in der Normandie k\u00f6nnen Sie Ihr Zelt, Ihren Wohnwagen oder Ihr Wohnmobil f\u00fcr Ihren n\u00e4chsten Urlaub aufstellen. Sie haben die Wahl zwischen vier verschiedenen Stellplatzkategorien. Stellpl\u00e4tze [&hellip;]<\/p>\n","protected":false},"author":1,"featured_media":0,"parent":2067,"menu_order":1,"comment_status":"closed","ping_status":"closed","template":"","meta":[],"yoast_head":"<!-- This site is optimized with the Yoast SEO plugin v16.7 - https:\/\/yoast.com\/wordpress\/plugins\/seo\/ -->\n<title>Zeltpl\u00e4tze in der Normandie | Camping L&#039;Aiguille Creuse 4*<\/title>\n<meta name=\"description\" content=\"Ob mit Zelt, Wohnwagen oder Wohnmobil: Auf unserem Campingplatz L&#039;Aiguille Creuse in der Normandie stehen Ihnen komfortable Zeltpl\u00e4tze zur Verf\u00fcgung.\" \/>\n<meta name=\"robots\" content=\"index, follow, max-snippet:-1, max-image-preview:large, max-video-preview:-1\" \/>\n<link rel=\"canonical\" href=\"https:\/\/www.campingaiguillecreuse.com\/de\/mietunterkuenfte\/stellplaetze\/\" \/>\n<meta property=\"og:locale\" content=\"de_DE\" \/>\n<meta property=\"og:type\" content=\"article\" \/>\n<meta property=\"og:title\" content=\"Zeltpl\u00e4tze in der Normandie | Camping L&#039;Aiguille Creuse 4*\" \/>\n<meta property=\"og:description\" content=\"Ob mit Zelt, Wohnwagen oder Wohnmobil: Auf unserem Campingplatz L&#039;Aiguille Creuse in der Normandie stehen Ihnen komfortable Zeltpl\u00e4tze zur Verf\u00fcgung.\" \/>\n<meta property=\"og:url\" content=\"https:\/\/www.campingaiguillecreuse.com\/de\/mietunterkuenfte\/stellplaetze\/\" \/>\n<meta property=\"og:site_name\" content=\"Camping L&#039;Aiguille Creuse\" \/>\n<meta property=\"article:publisher\" content=\"https:\/\/www.facebook.com\/campingaiguillecreuse\/\" \/>\n<meta property=\"article:modified_time\" content=\"2026-04-15T14:04:31+00:00\" \/>\n<meta property=\"og:image\" content=\"https:\/\/www.campingaiguillecreuse.com\/wp-content\/uploads\/2022\/11\/IMG_20220730_152602-1024x768.jpg\" \/>\n<meta name=\"twitter:card\" content=\"summary_large_image\" \/>\n<meta name=\"twitter:label1\" content=\"Gesch\u00e4tzte Lesezeit\" \/>\n\t<meta name=\"twitter:data1\" content=\"6 Minuten\" \/>\n<script type=\"application\/ld+json\" class=\"yoast-schema-graph\">{\"@context\":\"https:\/\/schema.org\",\"@graph\":[{\"@type\":\"Organization\",\"@id\":\"https:\/\/www.campingaiguillecreuse.com\/#organization\",\"name\":\"Camping L'aiguille Creuse\",\"url\":\"https:\/\/www.campingaiguillecreuse.com\/\",\"sameAs\":[\"https:\/\/www.facebook.com\/campingaiguillecreuse\/\",\"https:\/\/www.instagram.com\/camping_aiguille_creuse\/\",\"https:\/\/www.wikidata.org\/wiki\/Q138617169\"],\"logo\":{\"@type\":\"ImageObject\",\"@id\":\"https:\/\/www.campingaiguillecreuse.com\/#logo\",\"inLanguage\":\"de-DE\",\"url\":\"https:\/\/www.campingaiguillecreuse.com\/wp-content\/uploads\/2025\/10\/logo-aiguille-creuse-2025.webp\",\"contentUrl\":\"https:\/\/www.campingaiguillecreuse.com\/wp-content\/uploads\/2025\/10\/logo-aiguille-creuse-2025.webp\",\"width\":1356,\"height\":804,\"caption\":\"Camping L'aiguille Creuse\"},\"image\":{\"@id\":\"https:\/\/www.campingaiguillecreuse.com\/#logo\"}},{\"@type\":\"WebSite\",\"@id\":\"https:\/\/www.campingaiguillecreuse.com\/#website\",\"url\":\"https:\/\/www.campingaiguillecreuse.com\/\",\"name\":\"Camping L&#039;Aiguille Creuse\",\"description\":\"CAMPING **** L&#039; AIGUILLE CREUSE PRES D&#039;ETRETAT EN NORMANDIE Camping en Normandie, avec piscine couverte et chauff\\u00e9e ouverte toute la saison\",\"publisher\":{\"@id\":\"https:\/\/www.campingaiguillecreuse.com\/#organization\"},\"potentialAction\":[{\"@type\":\"SearchAction\",\"target\":{\"@type\":\"EntryPoint\",\"urlTemplate\":\"https:\/\/www.campingaiguillecreuse.com\/?s={search_term_string}\"},\"query-input\":\"required name=search_term_string\"}],\"inLanguage\":\"de-DE\"},{\"@type\":\"ImageObject\",\"@id\":\"https:\/\/www.campingaiguillecreuse.com\/de\/mietunterkuenfte\/stellplaetze\/#primaryimage\",\"inLanguage\":\"de-DE\",\"url\":\"https:\/\/www.campingaiguillecreuse.com\/wp-content\/uploads\/2022\/11\/IMG_20220730_152602-scaled.jpg\",\"contentUrl\":\"https:\/\/www.campingaiguillecreuse.com\/wp-content\/uploads\/2022\/11\/IMG_20220730_152602-scaled.jpg\",\"width\":2560,\"height\":1920,\"caption\":\"Camping L&#039;aiguille Creuse : Img 20220730 152602\"},{\"@type\":\"WebPage\",\"@id\":\"https:\/\/www.campingaiguillecreuse.com\/de\/mietunterkuenfte\/stellplaetze\/#webpage\",\"url\":\"https:\/\/www.campingaiguillecreuse.com\/de\/mietunterkuenfte\/stellplaetze\/\",\"name\":\"Zeltpl\\u00e4tze in der Normandie | Camping L'Aiguille Creuse 4*\",\"isPartOf\":{\"@id\":\"https:\/\/www.campingaiguillecreuse.com\/#website\"},\"primaryImageOfPage\":{\"@id\":\"https:\/\/www.campingaiguillecreuse.com\/de\/mietunterkuenfte\/stellplaetze\/#primaryimage\"},\"datePublished\":\"2021-07-13T08:19:24+00:00\",\"dateModified\":\"2026-04-15T14:04:31+00:00\",\"description\":\"Ob mit Zelt, Wohnwagen oder Wohnmobil: Auf unserem Campingplatz L'Aiguille Creuse in der Normandie stehen Ihnen komfortable Zeltpl\\u00e4tze zur Verf\\u00fcgung.\",\"breadcrumb\":{\"@id\":\"https:\/\/www.campingaiguillecreuse.com\/de\/mietunterkuenfte\/stellplaetze\/#breadcrumb\"},\"inLanguage\":\"de-DE\",\"potentialAction\":[{\"@type\":\"ReadAction\",\"target\":[\"https:\/\/www.campingaiguillecreuse.com\/de\/mietunterkuenfte\/stellplaetze\/\"]}]},{\"@type\":\"BreadcrumbList\",\"@id\":\"https:\/\/www.campingaiguillecreuse.com\/de\/mietunterkuenfte\/stellplaetze\/#breadcrumb\",\"itemListElement\":[{\"@type\":\"ListItem\",\"position\":1,\"name\":\"Accueil\",\"item\":\"https:\/\/www.campingaiguillecreuse.com\/de\/\"},{\"@type\":\"ListItem\",\"position\":2,\"name\":\"Mietunterk\\u00fcnfte\",\"item\":\"https:\/\/www.campingaiguillecreuse.com\/de\/mietunterkuenfte\/\"},{\"@type\":\"ListItem\",\"position\":3,\"name\":\"Stellpl\\u00e4tze\"}]}]}<\/script>\n<!-- \/ Yoast SEO plugin. -->","yoast_head_json":{"title":"Zeltpl\u00e4tze in der Normandie | Camping L'Aiguille Creuse 4*","description":"Ob mit Zelt, Wohnwagen oder Wohnmobil: Auf unserem Campingplatz L'Aiguille Creuse in der Normandie stehen Ihnen komfortable Zeltpl\u00e4tze zur Verf\u00fcgung.","robots":{"index":"index","follow":"follow","max-snippet":"max-snippet:-1","max-image-preview":"max-image-preview:large","max-video-preview":"max-video-preview:-1"},"canonical":"https:\/\/www.campingaiguillecreuse.com\/de\/mietunterkuenfte\/stellplaetze\/","og_locale":"de_DE","og_type":"article","og_title":"Zeltpl\u00e4tze in der Normandie | Camping L'Aiguille Creuse 4*","og_description":"Ob mit Zelt, Wohnwagen oder Wohnmobil: Auf unserem Campingplatz L'Aiguille Creuse in der Normandie stehen Ihnen komfortable Zeltpl\u00e4tze zur Verf\u00fcgung.","og_url":"https:\/\/www.campingaiguillecreuse.com\/de\/mietunterkuenfte\/stellplaetze\/","og_site_name":"Camping L&#039;Aiguille Creuse","article_publisher":"https:\/\/www.facebook.com\/campingaiguillecreuse\/","article_modified_time":"2026-04-15T14:04:31+00:00","og_image":[{"url":"https:\/\/www.campingaiguillecreuse.com\/wp-content\/uploads\/2022\/11\/IMG_20220730_152602-1024x768.jpg"}],"twitter_card":"summary_large_image","twitter_misc":{"Gesch\u00e4tzte Lesezeit":"6 Minuten"},"schema":{"@context":"https:\/\/schema.org","@graph":[{"@type":"Organization","@id":"https:\/\/www.campingaiguillecreuse.com\/#organization","name":"Camping L'aiguille Creuse","url":"https:\/\/www.campingaiguillecreuse.com\/","sameAs":["https:\/\/www.facebook.com\/campingaiguillecreuse\/","https:\/\/www.instagram.com\/camping_aiguille_creuse\/","https:\/\/www.wikidata.org\/wiki\/Q138617169"],"logo":{"@type":"ImageObject","@id":"https:\/\/www.campingaiguillecreuse.com\/#logo","inLanguage":"de-DE","url":"https:\/\/www.campingaiguillecreuse.com\/wp-content\/uploads\/2025\/10\/logo-aiguille-creuse-2025.webp","contentUrl":"https:\/\/www.campingaiguillecreuse.com\/wp-content\/uploads\/2025\/10\/logo-aiguille-creuse-2025.webp","width":1356,"height":804,"caption":"Camping L'aiguille Creuse"},"image":{"@id":"https:\/\/www.campingaiguillecreuse.com\/#logo"}},{"@type":"WebSite","@id":"https:\/\/www.campingaiguillecreuse.com\/#website","url":"https:\/\/www.campingaiguillecreuse.com\/","name":"Camping L&#039;Aiguille Creuse","description":"CAMPING **** L&#039; AIGUILLE CREUSE PRES D&#039;ETRETAT EN NORMANDIE Camping en Normandie, avec piscine couverte et chauff\u00e9e ouverte toute la saison","publisher":{"@id":"https:\/\/www.campingaiguillecreuse.com\/#organization"},"potentialAction":[{"@type":"SearchAction","target":{"@type":"EntryPoint","urlTemplate":"https:\/\/www.campingaiguillecreuse.com\/?s={search_term_string}"},"query-input":"required name=search_term_string"}],"inLanguage":"de-DE"},{"@type":"ImageObject","@id":"https:\/\/www.campingaiguillecreuse.com\/de\/mietunterkuenfte\/stellplaetze\/#primaryimage","inLanguage":"de-DE","url":"https:\/\/www.campingaiguillecreuse.com\/wp-content\/uploads\/2022\/11\/IMG_20220730_152602-scaled.jpg","contentUrl":"https:\/\/www.campingaiguillecreuse.com\/wp-content\/uploads\/2022\/11\/IMG_20220730_152602-scaled.jpg","width":2560,"height":1920,"caption":"Camping L&#039;aiguille Creuse : Img 20220730 152602"},{"@type":"WebPage","@id":"https:\/\/www.campingaiguillecreuse.com\/de\/mietunterkuenfte\/stellplaetze\/#webpage","url":"https:\/\/www.campingaiguillecreuse.com\/de\/mietunterkuenfte\/stellplaetze\/","name":"Zeltpl\u00e4tze in der Normandie | Camping L'Aiguille Creuse 4*","isPartOf":{"@id":"https:\/\/www.campingaiguillecreuse.com\/#website"},"primaryImageOfPage":{"@id":"https:\/\/www.campingaiguillecreuse.com\/de\/mietunterkuenfte\/stellplaetze\/#primaryimage"},"datePublished":"2021-07-13T08:19:24+00:00","dateModified":"2026-04-15T14:04:31+00:00","description":"Ob mit Zelt, Wohnwagen oder Wohnmobil: Auf unserem Campingplatz L'Aiguille Creuse in der Normandie stehen Ihnen komfortable Zeltpl\u00e4tze zur Verf\u00fcgung.","breadcrumb":{"@id":"https:\/\/www.campingaiguillecreuse.com\/de\/mietunterkuenfte\/stellplaetze\/#breadcrumb"},"inLanguage":"de-DE","potentialAction":[{"@type":"ReadAction","target":["https:\/\/www.campingaiguillecreuse.com\/de\/mietunterkuenfte\/stellplaetze\/"]}]},{"@type":"BreadcrumbList","@id":"https:\/\/www.campingaiguillecreuse.com\/de\/mietunterkuenfte\/stellplaetze\/#breadcrumb","itemListElement":[{"@type":"ListItem","position":1,"name":"Accueil","item":"https:\/\/www.campingaiguillecreuse.com\/de\/"},{"@type":"ListItem","position":2,"name":"Mietunterk\u00fcnfte","item":"https:\/\/www.campingaiguillecreuse.com\/de\/mietunterkuenfte\/"},{"@type":"ListItem","position":3,"name":"Stellpl\u00e4tze"}]}]}},"_links":{"self":[{"href":"https:\/\/www.campingaiguillecreuse.com\/de\/wp-json\/wp\/v2\/pages\/2069"}],"collection":[{"href":"https:\/\/www.campingaiguillecreuse.com\/de\/wp-json\/wp\/v2\/pages"}],"about":[{"href":"https:\/\/www.campingaiguillecreuse.com\/de\/wp-json\/wp\/v2\/types\/page"}],"author":[{"embeddable":true,"href":"https:\/\/www.campingaiguillecreuse.com\/de\/wp-json\/wp\/v2\/users\/1"}],"replies":[{"embeddable":true,"href":"https:\/\/www.campingaiguillecreuse.com\/de\/wp-json\/wp\/v2\/comments?post=2069"}],"version-history":[{"count":5,"href":"https:\/\/www.campingaiguillecreuse.com\/de\/wp-json\/wp\/v2\/pages\/2069\/revisions"}],"predecessor-version":[{"id":6184,"href":"https:\/\/www.campingaiguillecreuse.com\/de\/wp-json\/wp\/v2\/pages\/2069\/revisions\/6184"}],"up":[{"embeddable":true,"href":"https:\/\/www.campingaiguillecreuse.com\/de\/wp-json\/wp\/v2\/pages\/2067"}],"wp:attachment":[{"href":"https:\/\/www.campingaiguillecreuse.com\/de\/wp-json\/wp\/v2\/media?parent=2069"}],"curies":[{"name":"wp","href":"https:\/\/api.w.org\/{rel}","templated":true}]}}